{"id":13,"date":"2021-06-19T15:37:50","date_gmt":"2021-06-19T18:37:50","guid":{"rendered":"http:\/\/localhost:8888\/capatel\/?page_id=13"},"modified":"2025-05-15T09:49:43","modified_gmt":"2025-05-15T12:49:43","slug":"sobre-a-empresa","status":"publish","type":"page","link":"https:\/\/potenciasolar.com.br\/?page_id=13","title":{"rendered":"Empresa"},"content":{"rendered":"\t\t<div data-elementor-type=\"wp-page\" data-elementor-id=\"13\" class=\"elementor elementor-13\">\n\t\t\t\t\t\t<section class=\"elementor-section elementor-top-section elementor-element elementor-element-d24c44b elementor-section-full_width elementor-section-height-default elementor-section-height-default\" data-id=\"d24c44b\" data-element_type=\"section\" data-e-type=\"section\">\n\t\t\t\t\t\t<div class=\"elementor-container elementor-column-gap-no\">\n\t\t\t\t\t<div class=\"elementor-column elementor-col-100 elementor-top-column elementor-element elementor-element-19e4628\" data-id=\"19e4628\" data-element_type=\"column\" data-e-type=\"column\">\n\t\t\t<div class=\"elementor-widget-wrap elementor-element-populated\">\n\t\t\t\t\t\t<div class=\"elementor-element elementor-element-aeb8c4e elementor-widget elementor-widget-Elementor-About-widget\" data-id=\"aeb8c4e\" data-element_type=\"widget\" data-e-type=\"widget\" data-widget_type=\"Elementor-About-widget.default\">\n\t\t\t\t<div class=\"elementor-widget-container\">\n\t\t\t\t\t<!-- about-area -->\n            <section id=\"about\" class=\"about-area about-p pt-120 pb-140 p-relative\" style=\"background: url(http:\/\/wordpress.zcube.in\/capatel\/wp-content\/uploads\/2021\/06\/aliment-right-1.png) no-repeat; background-position: right center;\">\n                <div class=\"container\">\n                    <div class=\"row align-items-center\">\n                         <div class=\"col-lg-6 col-md-12 col-sm-12\">\n                              <div class=\"s-about-img p-relative\" >\n                               <img decoding=\"async\" src=\"http:\/\/potenciasolar.com.br\/wp-content\/uploads\/2023\/07\/LOU.jpg\" alt=\"http:\/\/potenciasolar.com.br\/wp-content\/uploads\/2023\/07\/LOU.jpg\">   \n                              <\/div>\n                              <div class=\"about-text second-about\">\n                                <span>6 <\/span>\n                                Anos de Experi\u00eancia                              <\/div>\n                          <\/div>\n\n                <div class=\"col-lg-6 col-md-12 col-sm-12\">\n                        <div class=\"about-content s-about-content pl-30\">\n                            <div class=\"about-title second-title pb-25\">  \n                                <h5>SOBRE N\u00d3S<\/h5>\n                                <h2>Qual \u00e9 nossa Hist\u00f3ria?<\/h2>\n                            <\/div>\n                            <p>A Pot\u00eancia Solar busca viabilizar o conforto energ\u00e9tico, com sustentabilidade e, n\u00e3o menos importante, com retorno financeiro. Diante das v\u00e1rias crises h\u00eddricas e energ\u00e9ticas, produzir a pr\u00f3pria energia \u00e9 quase uma necessidade, e estamos aqui para garantir que voc\u00ea seja satisfatoriamente atendido(a).<\/p>\n                              <ul class=\"progress-outer  mt-30\">\n                                <li>\n                                    <div class=\"progress-box\">\n                                        <div class=\"progress blue\">\n                                            <span class=\"progress-left\">\n                                              <span class=\"progress-bar\"><\/span>\n                                            <\/span>\n                                            <span class=\"progress-right\">\n                                               <span class=\"progress-bar\"><\/span>\n                                            <\/span>\n                                            <div class=\"progress-value\">1100<\/div>\n                                         <\/div>\n                                        <h4>Projetos<\/h4>\n                                    <\/div>\n                                <\/li>\n                                 <li>\n                                    <div class=\"progress-box\">\n                                        <div class=\"progress blue\">\n                                            <span class=\"progress-left\">\n                                                <span class=\"progress-bar\"><\/span>\n                                            <\/span>\n                                            <span class=\"progress-right\">\n                                                <span class=\"progress-bar\"><\/span>\n                                            <\/span>\n                                            <div class=\"progress-value\">20<\/div>\n                                        <\/div>\n                                        <h4>Colaboradores<\/h4>\n                                    <\/div>\n                                <\/li>\n                            <\/ul>\n                        <\/div>\n                    <\/div>\n                <\/div>\n            <\/div>\n        <\/section>\n<!-- about-area-end -->\t\t\t\t<\/div>\n\t\t\t\t<\/div>\n\t\t\t\t\t<\/div>\n\t\t<\/div>\n\t\t\t\t\t<\/div>\n\t\t<\/section>\n\t\t\t\t<section class=\"elementor-section elementor-top-section elementor-element elementor-element-9afbae5 elementor-section-full_width elementor-section-height-default elementor-section-height-default\" data-id=\"9afbae5\" data-element_type=\"section\" data-e-type=\"section\">\n\t\t\t\t\t\t<div class=\"elementor-container elementor-column-gap-no\">\n\t\t\t\t\t<div class=\"elementor-column elementor-col-100 elementor-top-column elementor-element elementor-element-f051803\" data-id=\"f051803\" data-element_type=\"column\" data-e-type=\"column\">\n\t\t\t<div class=\"elementor-widget-wrap elementor-element-populated\">\n\t\t\t\t\t\t<div class=\"elementor-element elementor-element-82fe744 elementor-widget elementor-widget-Elementor_support\" data-id=\"82fe744\" data-element_type=\"widget\" data-e-type=\"widget\" data-widget_type=\"Elementor_support.default\">\n\t\t\t\t<div class=\"elementor-widget-container\">\n\t\t\t\t\t \r\n<!-- features-area -->\r\n<section id=\"graph\" class=\"features-area pt-80 pb-80\"  style=\"background:url(http:\/\/wordpress.zcube.in\/capatel\/wp-content\/uploads\/2021\/06\/cat-bg-1.png); background-size: cover;\">\r\n    <div class=\"container\">\r\n        <div class=\"row align-items-center\">\r\n            <div class=\"col-lg-12 col-md-12\">\r\n                <div class=\"section-title cta-title text-center mb-30\"> \r\n                    <h5>CHAMADA PARA A A\u00c7\u00c3O<\/h5>     \r\n                    <h2>Fornecendo valor aos clientes por meio do produto e da inova\u00e7\u00e3o<\/h2>\r\n                <\/div>\r\n            <\/div>\r\n            \r\n            <div class=\"col-lg-12 col-md-12 text-center\">\r\n                <a href=\"https:\/\/api.whatsapp.com\/send?phone=556181426466&#038;text=Ol%C3%A1%20vim%20pelo%20site%2C%20gostaria%20de%20um%20or%C3%A7amento.\" class=\"btn ss-btn\">Entre em contato conosco agora<\/a>\r\n            <\/div>\r\n        <\/div>\r\n    <\/div>\r\n<\/section>\r\n<!-- features-area-end -->\t\t\t\t<\/div>\n\t\t\t\t<\/div>\n\t\t\t\t\t<\/div>\n\t\t<\/div>\n\t\t\t\t\t<\/div>\n\t\t<\/section>\n\t\t\t\t<\/div>\n\t\t","protected":false},"excerpt":{"rendered":"","protected":false},"author":1,"featured_media":0,"parent":0,"menu_order":0,"comment_status":"closed","ping_status":"closed","template":"inside.php","meta":{"saved_in_kubio":false,"om_disable_all_campaigns":false,"footnotes":""},"class_list":["post-13","page","type-page","status-publish","hentry"],"kubio_ai_page_context":{"short_desc":"","purpose":"general"},"yoast_head":"<!-- This site is optimized with the Yoast SEO plugin v27.5 - https:\/\/yoast.com\/product\/yoast-seo-wordpress\/ -->\n<title>Empresa - Potencia Solar \u2013 Energia Solar Fotovoltaica &amp; Servi\u00e7os El\u00e9tricos<\/title>\n<meta name=\"robots\" content=\"index, follow, max-snippet:-1, max-image-preview:large, max-video-preview:-1\" \/>\n<link rel=\"canonical\" href=\"https:\/\/potenciasolar.com.br\/?page_id=13\" \/>\n<meta property=\"og:locale\" content=\"pt_BR\" \/>\n<meta property=\"og:type\" content=\"article\" \/>\n<meta property=\"og:title\" content=\"Empresa - Potencia Solar \u2013 Energia Solar Fotovoltaica &amp; Servi\u00e7os El\u00e9tricos\" \/>\n<meta property=\"og:url\" content=\"https:\/\/potenciasolar.com.br\/?page_id=13\" \/>\n<meta property=\"og:site_name\" content=\"Potencia Solar \u2013 Energia Solar Fotovoltaica &amp; Servi\u00e7os El\u00e9tricos\" \/>\n<meta property=\"article:publisher\" content=\"https:\/\/www.facebook.com\/potenciasolar_-104193265384586\" \/>\n<meta property=\"article:modified_time\" content=\"2025-05-15T12:49:43+00:00\" \/>\n<meta name=\"twitter:card\" content=\"summary_large_image\" \/>\n<meta name=\"twitter:label1\" content=\"Est. tempo de leitura\" \/>\n\t<meta name=\"twitter:data1\" content=\"1 minuto\" \/>\n<script type=\"application\/ld+json\" class=\"yoast-schema-graph\">{\"@context\":\"https:\\\/\\\/schema.org\",\"@graph\":[{\"@type\":\"WebPage\",\"@id\":\"https:\\\/\\\/potenciasolar.com.br\\\/?page_id=13\",\"url\":\"https:\\\/\\\/potenciasolar.com.br\\\/?page_id=13\",\"name\":\"Empresa - Potencia Solar \u2013 Energia Solar Fotovoltaica &amp; Servi\u00e7os El\u00e9tricos\",\"isPartOf\":{\"@id\":\"https:\\\/\\\/potenciasolar.com.br\\\/#website\"},\"datePublished\":\"2021-06-19T18:37:50+00:00\",\"dateModified\":\"2025-05-15T12:49:43+00:00\",\"breadcrumb\":{\"@id\":\"https:\\\/\\\/potenciasolar.com.br\\\/?page_id=13#breadcrumb\"},\"inLanguage\":\"pt-BR\",\"potentialAction\":[{\"@type\":\"ReadAction\",\"target\":[\"https:\\\/\\\/potenciasolar.com.br\\\/?page_id=13\"]}]},{\"@type\":\"BreadcrumbList\",\"@id\":\"https:\\\/\\\/potenciasolar.com.br\\\/?page_id=13#breadcrumb\",\"itemListElement\":[{\"@type\":\"ListItem\",\"position\":1,\"name\":\"In\u00edcio\",\"item\":\"https:\\\/\\\/potenciasolar.com.br\\\/\"},{\"@type\":\"ListItem\",\"position\":2,\"name\":\"Empresa\"}]},{\"@type\":\"WebSite\",\"@id\":\"https:\\\/\\\/potenciasolar.com.br\\\/#website\",\"url\":\"https:\\\/\\\/potenciasolar.com.br\\\/\",\"name\":\"Potencia Solar \u2013 Energia Solar Fotovoltaica &amp; Servi\u00e7os El\u00e9tricos\",\"description\":\"Somos uma empresa de Bras\u00edlia com 6 anos de experi\u00eancia no mercado de energia solar. Especializados em solu\u00e7\u00f5es completas para resid\u00eancias e empresas, fornecemos sistemas de alta qualidade e efici\u00eancia para que voc\u00ea possa produzir sua pr\u00f3pria energia e economizar de forma sustent\u00e1vel.\",\"publisher\":{\"@id\":\"https:\\\/\\\/potenciasolar.com.br\\\/#organization\"},\"potentialAction\":[{\"@type\":\"SearchAction\",\"target\":{\"@type\":\"EntryPoint\",\"urlTemplate\":\"https:\\\/\\\/potenciasolar.com.br\\\/?s={search_term_string}\"},\"query-input\":{\"@type\":\"PropertyValueSpecification\",\"valueRequired\":true,\"valueName\":\"search_term_string\"}}],\"inLanguage\":\"pt-BR\"},{\"@type\":\"Organization\",\"@id\":\"https:\\\/\\\/potenciasolar.com.br\\\/#organization\",\"name\":\"Pot\u00eancia Solar\",\"url\":\"https:\\\/\\\/potenciasolar.com.br\\\/\",\"logo\":{\"@type\":\"ImageObject\",\"inLanguage\":\"pt-BR\",\"@id\":\"https:\\\/\\\/potenciasolar.com.br\\\/#\\\/schema\\\/logo\\\/image\\\/\",\"url\":\"https:\\\/\\\/potenciasolar.com.br\\\/wp-content\\\/uploads\\\/2022\\\/01\\\/logo-potencia.png\",\"contentUrl\":\"https:\\\/\\\/potenciasolar.com.br\\\/wp-content\\\/uploads\\\/2022\\\/01\\\/logo-potencia.png\",\"width\":400,\"height\":272,\"caption\":\"Pot\u00eancia Solar\"},\"image\":{\"@id\":\"https:\\\/\\\/potenciasolar.com.br\\\/#\\\/schema\\\/logo\\\/image\\\/\"},\"sameAs\":[\"https:\\\/\\\/www.facebook.com\\\/potenciasolar_-104193265384586\",\"https:\\\/\\\/www.instagram.com\\\/potenciasolar_\\\/\"]}]}<\/script>\n<!-- \/ Yoast SEO plugin. -->","yoast_head_json":{"title":"Empresa - Potencia Solar \u2013 Energia Solar Fotovoltaica &amp; Servi\u00e7os El\u00e9tricos","robots":{"index":"index","follow":"follow","max-snippet":"max-snippet:-1","max-image-preview":"max-image-preview:large","max-video-preview":"max-video-preview:-1"},"canonical":"https:\/\/potenciasolar.com.br\/?page_id=13","og_locale":"pt_BR","og_type":"article","og_title":"Empresa - Potencia Solar \u2013 Energia Solar Fotovoltaica &amp; Servi\u00e7os El\u00e9tricos","og_url":"https:\/\/potenciasolar.com.br\/?page_id=13","og_site_name":"Potencia Solar \u2013 Energia Solar Fotovoltaica &amp; Servi\u00e7os El\u00e9tricos","article_publisher":"https:\/\/www.facebook.com\/potenciasolar_-104193265384586","article_modified_time":"2025-05-15T12:49:43+00:00","twitter_card":"summary_large_image","twitter_misc":{"Est. tempo de leitura":"1 minuto"},"schema":{"@context":"https:\/\/schema.org","@graph":[{"@type":"WebPage","@id":"https:\/\/potenciasolar.com.br\/?page_id=13","url":"https:\/\/potenciasolar.com.br\/?page_id=13","name":"Empresa - Potencia Solar \u2013 Energia Solar Fotovoltaica &amp; Servi\u00e7os El\u00e9tricos","isPartOf":{"@id":"https:\/\/potenciasolar.com.br\/#website"},"datePublished":"2021-06-19T18:37:50+00:00","dateModified":"2025-05-15T12:49:43+00:00","breadcrumb":{"@id":"https:\/\/potenciasolar.com.br\/?page_id=13#breadcrumb"},"inLanguage":"pt-BR","potentialAction":[{"@type":"ReadAction","target":["https:\/\/potenciasolar.com.br\/?page_id=13"]}]},{"@type":"BreadcrumbList","@id":"https:\/\/potenciasolar.com.br\/?page_id=13#breadcrumb","itemListElement":[{"@type":"ListItem","position":1,"name":"In\u00edcio","item":"https:\/\/potenciasolar.com.br\/"},{"@type":"ListItem","position":2,"name":"Empresa"}]},{"@type":"WebSite","@id":"https:\/\/potenciasolar.com.br\/#website","url":"https:\/\/potenciasolar.com.br\/","name":"Potencia Solar \u2013 Energia Solar Fotovoltaica &amp; Servi\u00e7os El\u00e9tricos","description":"Somos uma empresa de Bras\u00edlia com 6 anos de experi\u00eancia no mercado de energia solar. Especializados em solu\u00e7\u00f5es completas para resid\u00eancias e empresas, fornecemos sistemas de alta qualidade e efici\u00eancia para que voc\u00ea possa produzir sua pr\u00f3pria energia e economizar de forma sustent\u00e1vel.","publisher":{"@id":"https:\/\/potenciasolar.com.br\/#organization"},"potentialAction":[{"@type":"SearchAction","target":{"@type":"EntryPoint","urlTemplate":"https:\/\/potenciasolar.com.br\/?s={search_term_string}"},"query-input":{"@type":"PropertyValueSpecification","valueRequired":true,"valueName":"search_term_string"}}],"inLanguage":"pt-BR"},{"@type":"Organization","@id":"https:\/\/potenciasolar.com.br\/#organization","name":"Pot\u00eancia Solar","url":"https:\/\/potenciasolar.com.br\/","logo":{"@type":"ImageObject","inLanguage":"pt-BR","@id":"https:\/\/potenciasolar.com.br\/#\/schema\/logo\/image\/","url":"https:\/\/potenciasolar.com.br\/wp-content\/uploads\/2022\/01\/logo-potencia.png","contentUrl":"https:\/\/potenciasolar.com.br\/wp-content\/uploads\/2022\/01\/logo-potencia.png","width":400,"height":272,"caption":"Pot\u00eancia Solar"},"image":{"@id":"https:\/\/potenciasolar.com.br\/#\/schema\/logo\/image\/"},"sameAs":["https:\/\/www.facebook.com\/potenciasolar_-104193265384586","https:\/\/www.instagram.com\/potenciasolar_\/"]}]}},"_links":{"self":[{"href":"https:\/\/potenciasolar.com.br\/index.php?rest_route=\/wp\/v2\/pages\/13","targetHints":{"allow":["GET"]}}],"collection":[{"href":"https:\/\/potenciasolar.com.br\/index.php?rest_route=\/wp\/v2\/pages"}],"about":[{"href":"https:\/\/potenciasolar.com.br\/index.php?rest_route=\/wp\/v2\/types\/page"}],"author":[{"embeddable":true,"href":"https:\/\/potenciasolar.com.br\/index.php?rest_route=\/wp\/v2\/users\/1"}],"replies":[{"embeddable":true,"href":"https:\/\/potenciasolar.com.br\/index.php?rest_route=%2Fwp%2Fv2%2Fcomments&post=13"}],"version-history":[{"count":28,"href":"https:\/\/potenciasolar.com.br\/index.php?rest_route=\/wp\/v2\/pages\/13\/revisions"}],"predecessor-version":[{"id":5033,"href":"https:\/\/potenciasolar.com.br\/index.php?rest_route=\/wp\/v2\/pages\/13\/revisions\/5033"}],"wp:attachment":[{"href":"https:\/\/potenciasolar.com.br\/index.php?rest_route=%2Fwp%2Fv2%2Fmedia&parent=13"}],"curies":[{"name":"wp","href":"https:\/\/api.w.org\/{rel}","templated":true}]}}